{"id":155,"date":"2015-02-02T08:06:27","date_gmt":"2015-02-02T06:06:27","guid":{"rendered":"http:\/\/127.0.0.1:8080\/wordpress\/index.php\/"},"modified":"2022-10-17T12:13:31","modified_gmt":"2022-10-17T10:13:31","slug":"forschungskolloquium","status":"publish","type":"page","link":"http:\/\/www.historikerkomitee.de\/?page_id=155","title":{"rendered":"Kolloquien\/Colloques"},"content":{"rendered":"<h2>Forschungskolloquien<\/h2>\n<p>Das Komitee unterst\u00fctzt die Entwicklung und den Ausbau der deutsch-franz\u00f6sischen Kooperation in seinem geschichtswissenschaftlichen Arbeitsfeld vor allem durch gemeinsame Forschungskolloquien, zu denen alle Mitglieder des Komitees eingeladen werden. Diese Tagungen behandeln \u00fcbergreifende Themenstellungen zur Geschichte beider L\u00e4nder, an denen die Mitglieder besonderes Interesse \u00e4u\u00dfern. Die Forschungskolloquien sollen Gelegenheit zur Diskussion und zum pers\u00f6nlichen Kontakt unter den Mitgliedern geben. Dabei gilt der F\u00f6rderung von Nachwuchswissenschaftlern das besondere Augenmerk des Komitees.<\/p>\n<p>Die Kolloquien finden alle zwei Jahre statt, abwechselnd an einem Ort in Deutschland und in Frankreich.<\/p>\n<p>Bisher haben <a href=\"http:\/\/www.historikerkomitee.de\/?page_id=155\" target=\"_self\" rel=\"noopener\">die folgenden Forschungskolloquien des Komitees<\/a> stattgefunden, auf deren Grundlage jeweils umfassende Publikationen erarbeitet wurden. Die Tagungsb\u00e4nde zu den jeweiligen Kolloquien finden Sie im Bereich \u00ab\u00a0Publikationen\u00a0\u00bb.<\/p>\n<h2>Colloques de recherche<\/h2>\n<p>Le comit\u00e9 soutient le d\u00e9veloppement de la coop\u00e9ration franco-allemande dans son domaine d&rsquo;activit\u00e9 scientifique historique, avant tout \u00e0 travers des colloques de recherche communs auxquels sont invit\u00e9s tous les membres du comit\u00e9. Ces colloques traitent des sujets globaux pour l&rsquo;histoire des deux pays, sujets pour lesquels les membres expriment un int\u00e9r\u00eat particulier. Les colloques de recherche doivent donner l\u2019occasion de discussions et de contacts personnels entre les membres. C\u2019est pourquoi le comit\u00e9 encourage particuli\u00e8rement la participation des \u00ab\u00a0jeunes chercheurs\u00a0\u00bb.<\/p>\n<p>Les colloques ont lieu tous les deux ans, alternativement en Allemagne et en France.<\/p>\n<p>Jusqu&rsquo;ici se sont tenus <a href=\"http:\/\/www.historikerkomitee.de\/?page_id=155\" target=\"_self\" rel=\"noopener\">les colloques de recherche dont la liste suit<\/a>, qui ont tous donn\u00e9 suite \u00e0 des publications compl\u00e8tes. Vous trouvez les r\u00e9f\u00e9rences pr\u00e9cises des volumes des actes des colloques dans la rubrique \u00ab\u00a0Publications\u00a0\u00bb.<\/p>\n<p>&nbsp;<\/p>\n<h2><span style=\"color: #993300;\"><strong>Colloques du Comit\u00e9 1988-2021 \u2502 Tagungen des Komitees 1988-2021<\/strong><\/span><\/h2>\n<p><em>Les colloques du Comit\u00e9 ont lieu tous les deux ans\u00a0: voir<\/em><strong><a href=\"http:\/\/www.historikerkomitee.de\/?page_id=133\"> <em>les publications<\/em> <em>des actes<\/em><\/a><\/strong><\/p>\n<p style=\"text-align: center;\"><img loading=\"lazy\" class=\" size-full wp-image-2807 aligncenter\" src=\"http:\/\/www.historikerkomitee.de\/wordpress\/wp-content\/uploads\/rencontres-fa.jpg\" alt=\"rencontres fa\" width=\"193\" height=\"120\" srcset=\"http:\/\/www.historikerkomitee.de\/wordpress\/wp-content\/uploads\/rencontres-fa.jpg 193w, http:\/\/www.historikerkomitee.de\/wordpress\/wp-content\/uploads\/rencontres-fa-150x93.jpg 150w\" sizes=\"(max-width: 193px) 100vw, 193px\" \/><\/p>\n<ul>\n<li><span style=\"color: #999999;\"><strong>16e colloque: Institut Historique allemand Paris, 8-10 novembre 2023<\/strong><\/span><\/li>\n<\/ul>\n<p style=\"font-weight: 400;\">La violence dans l\u2019espace politique\u00a0: Perceptions, discours et \u00e9motions en Allemagne, en France et en Europe (XIX<sup>e<\/sup>-XXI<sup>e<\/sup> s.)\/Gewalt im politischen Raum: Wahrnehmung, Diskurse, Emotionen in Deutschland, Frankreich und Europa (19.-21. Jahrhundert)<\/p>\n<p><a href=\"http:\/\/www.historikerkomitee.de\/wordpress\/wp-content\/uploads\/AAC-CFAH-colloque-2023_Francais.pdf\">AAC<\/a>\/<a href=\"http:\/\/www.historikerkomitee.de\/wordpress\/wp-content\/uploads\/Call-DFHK-Jahrestagung-Deutsch.pdf\">CfP<\/a><\/p>\n<ul>\n<li><span style=\"color: #999999;\"><strong>15e colloque: Centre Marc Bloch Berlin, 18-19 novembre 2021<\/strong><\/span><\/li>\n<\/ul>\n<p>France, Allemagne, Afrique: repr\u00e9sentations, transferts, relations \/<br \/>\nFrankreich, Deutschland, Afrika: Repr\u00e4sentationen, Transfers, Beziehungen<br \/>\n<a href=\"http:\/\/www.historikerkomitee.de\/wordpress\/wp-content\/uploads\/Afrique_Programme_Colloque_2021_11_17_DEF.pdf\">Programme<\/a>.<\/p>\n<ul>\n<li><span style=\"color: #999999;\"><strong>14e colloque: Universit\u00e9 de Strasbourg, 11-13 octobre 2018<\/strong><\/span><\/li>\n<\/ul>\n<div class=\"page\" title=\"Page 1\">\n<div class=\"layoutArea\">\n<div class=\"column\">\n<p>Penser et pratiquer la solidarite\u0301 France, Allemagne, Europe et le monde XIXe et XXe sie\u0300cles\/<br \/>\nSolidarita\u0308t denken und praktizieren: Frankreich, Deutschland, Europa und die Welt im 19. und\u00a020. Jahrhundert<br \/>\n<a href=\"http:\/\/www.historikerkomitee.de\/wordpress\/wp-content\/uploads\/solidarites-prog-1.pdf\">Programme<\/a>.<br \/>\n<strong><span style=\"color: #993300;\">Les actes de ce colloque seront publi\u00e9s en 2022.<\/span><\/strong><\/p>\n<\/div>\n<\/div>\n<\/div>\n<ul>\n<li><strong><span style=\"color: #808080;\">13e colloque: Universit\u00e4t D\u00fcsseldorf, 29 septembre &#8211; 1er octobre 2016<\/span><\/strong><\/li>\n<\/ul>\n<div class=\"page\" title=\"Page 1\">\n<div class=\"layoutArea\">\n<div class=\"column\">\n<p>Der Rhein als politische Landschaft zwischen Deutschland und Frankreich 1815 \u2013 heute\/<br \/>\nLe Rhin. Un espace partage\u0301 entre la France et l \u0301Allemagne de 1815 a\u0300 nos jours<br \/>\n<span style=\"color: #008000;\"><a href=\"http:\/\/www.historikerkomitee.de\/wordpress\/wp-content\/uploads\/RHEIN-Programm-Tagung-DFH-2016.pdf\">Programme<\/a>.<\/span><br \/>\n<span style=\"color: #993366;\"><strong><span style=\"color: #993300;\">Les actes de ce colloque ont \u00e9t\u00e9 <a href=\"https:\/\/elibrary.steiner-verlag.de\/book\/99.105010\/9783515121149\">publi\u00e9s<\/a>.<\/span>\u00a0<\/strong><\/span><\/p>\n<\/div>\n<\/div>\n<\/div>\n<ul>\n<li><span style=\"color: #808080;\"><span style=\"color: #808080;\"><strong>12e colloque: Universit\u00e9 de Grenoble (Sciences Po), 23 au 25 octobre 2014<\/strong><\/span><\/span><\/li>\n<\/ul>\n<p>\u201eLa condition f\u00e9minine\u201c: Deutschland und Frankreich im europ\u00e4ischen Vergleich, 19.\/20. Jh.\/<br \/>\nLa condition f\u00e9minine en France, en Allemagne et en Europe: Regards crois\u00e9s, XIXe-XXe si\u00e8cles<br \/>\n<a href=\"http:\/\/www.historikerkomitee.de\/wordpress\/wp-content\/uploads\/Grenoble_Coll-DFHK_programme_def.pdf\" target=\"_blank\" rel=\"noopener\">Programme<strong>.<\/strong><\/a><br \/>\n<strong><span style=\"color: #800000;\">Les actes de ce colloque ont \u00e9t\u00e9 <a href=\"https:\/\/elibrary.steiner-verlag.de\/book\/99.105010\/9783515113977\">publi\u00e9s<\/a>.<br \/>\n<\/span><\/strong><\/p>\n<ul>\n<li><span style=\"color: #808080;\"><strong>11e colloque: Universit\u00e4t Berlin ( Friedrich Ebert Stiftung), 5-6 octobre 2012<br \/>\n<\/strong><\/span><\/li>\n<\/ul>\n<p>Syndicats et comportement ouvrier en France et en Allemagne 1890-1990\/ Gewerkschaften, Arbeiterwelt und Arbeiterkultur\u00a0 in\u00a0 Frankreich und in Deutschland von 1890 bis 1990.<br \/>\n<a href=\"http:\/\/www.historikerkomitee.de\/wordpress\/wp-content\/uploads\/prog_coll_DFHK2012.pdf\" target=\"_blank\" rel=\"noopener\">Programme<\/a>.<br \/>\n<strong><span style=\"color: #800000;\">Les actes de ce colloque ont \u00e9t\u00e9 <a href=\"https:\/\/elibrary.steiner-verlag.de\/book\/99.105010\/9783515115858\">publi\u00e9s<\/a><\/span><\/strong>.<\/p>\n<ul>\n<li><span style=\"color: #808080;\"><strong>10e colloque: Universit\u00e9 Lille 3, 23 au 25 septembre 2010<\/strong><\/span><\/li>\n<\/ul>\n<p>L\u2019Allemagne et la France dans la mondialisation des 19<sup>\u00e8me<\/sup> \/ 20<sup>\u00e8me<\/sup> si\u00e8cles \u2502 Frankreich und Deutschland in der Globalisierung des 19. \/ 20. Jahrhunderts<br \/>\n<a href=\"http:\/\/www.historikerkomitee.de\/wordpress\/wp-content\/uploads\/Programme-coll-Lille-sept2010.pdf\" target=\"_blank\" rel=\"noopener\"><span style=\"text-decoration: underline;\">Programme.<br \/>\n<\/span><\/a><strong><span style=\"color: #800000;\">Les actes de ce colloque sont <a href=\"http:\/\/www.steiner-verlag.de\/titel\/59287.html\" target=\"_blank\" rel=\"noopener\">publi\u00e9s.<\/a><\/span><\/strong><\/p>\n<ul>\n<li><span style=\"color: #808080;\"><strong>9e colloque: Universit\u00e4t Kassel, 9. bis 11. Oktober 2008:<\/strong><\/span><\/li>\n<\/ul>\n<p>Medien &#8211; Debatten &#8211; \u00d6ffentlichkeiten in Frankreich und Deutschland im 19. \/ 20. Jahrhundert \u2502 M\u00e9dias, d\u00e9bats et espaces publiques en Allemagne et en France aux 19<sup>\u00e8me<\/sup> \/ 20<sup>\u00e8me<\/sup> si\u00e8cles<br \/>\nProgramm &#8211; Programme \/ <strong><a href=\"http:\/\/www.historikerkomitee.de\/?page_id=228\">Bericht<br \/>\n<\/a><span style=\"color: #800000;\">Les actes de ce colloque sont <a href=\"http:\/\/www.steiner-verlag.de\/titel\/58629.html\" target=\"_blank\" rel=\"noopener\">publi\u00e9s<\/a><\/span><\/strong><a href=\"http:\/\/www.steiner-verlag.de\/titel\/58629.html\" target=\"_blank\" rel=\"noopener\"><strong><span style=\"color: #800000;\"><span style=\"color: #000000;\">.<\/span><\/span><\/strong><\/a><\/p>\n<ul>\n<li><span style=\"color: #808080;\"><strong>Universit\u00e9 Nancy 2, 28 au 30 septembre 2006:<\/strong><\/span><\/li>\n<\/ul>\n<p>Religions et la\u00efcit\u00e9 en Allemagne et en France aux 19<sup>\u00e8me<\/sup>-20<sup>\u00e8me<\/sup> si\u00e8cles \u2502 Religi\u00f6se Kulturen und Weltlichkeit in Frankreich und Deutschland im 19. \/ 20. Jahrhundert<br \/>\n<strong><span style=\"color: #800000;\">Les actes de ce colloque sont <a href=\"http:\/\/www.steiner-verlag.de\/titel\/56864.html\" target=\"_blank\" rel=\"noopener\">publi\u00e9s<\/a><\/span><\/strong>.<\/p>\n<ul>\n<li><span style=\"color: #808080;\"><strong>Gustav-Stresemann-Institut Bonn, 24. bis 26. September 2004<\/strong><\/span><\/li>\n<\/ul>\n<p>Deutschland &#8211; Frankreich &#8211; Nordamerika: Transfers, Imaginationen, Beziehungen \u2502 Allemagne &#8211; France &#8211; Etats-Unis: transferts, imaginaires, relations<br \/>\n<strong><span style=\"color: #800000;\">Les actes de ce colloque sont <a href=\"http:\/\/www.steiner-verlag.de\/titel\/55508.html\" target=\"_blank\" rel=\"noopener\">publi\u00e9s<\/a>.<br \/>\n<\/span><\/strong><\/p>\n<ul>\n<li><span style=\"color: #808080;\"><strong>Abbaye des Pr\u00e9montr\u00e9s, Pont-\u00e0-Mousson, 15 au 18 septembre 2002<\/strong><\/span><\/li>\n<\/ul>\n<p>Apprendre et enseigner en Allemagne et en France \u2502 Lernen und Lehren in Frankreich und Deutschland.<br \/>\n<strong><span style=\"color: #800000;\">Les actes de ce colloque sont <a href=\"http:\/\/www.steiner-verlag.de\/titel\/55845.html\" target=\"_blank\" rel=\"noopener\">publi\u00e9s<\/a><\/span><\/strong>.<\/p>\n<ul>\n<li><span style=\"color: #808080;\"><strong>Europ\u00e4ische Akademie Otzenhausen, 17. bis 20. September 2000:<\/strong><\/span><\/li>\n<\/ul>\n<p>Machtstrukturen im Staat in Frankreich und Deutschland &#8211; Organisationen und Personen \u2502 Les structures de pouvoir en Allemagne et en France &#8211; Les institutions et les hommes.<br \/>\n<strong><span style=\"color: #800000;\">Les actes de ce colloque sont <a href=\"http:\/\/www.steiner-verlag.de\/titel\/55979.html\" target=\"_blank\" rel=\"noopener\">publi\u00e9s<\/a><\/span><\/strong>.<\/p>\n<ul>\n<li><span style=\"color: #808080;\"><strong>Verdun, 13 au 16 septembre 1998:<\/strong><\/span><\/li>\n<\/ul>\n<p>La France et l\u2019Allemagne face \u00e0 la Russie depuis le XIX<sup>\u00e8me<\/sup> si\u00e8cle \u2502 Deutschland und Frankreich in Begegnung und Konfrontation mit Ru\u00dfland seit dem 19. Jahrhundert.<br \/>\n<strong><span style=\"color: #800000;\">Les actes de ce colloque sont <a href=\"http:\/\/www.oldenbourg-verlag.de\/wissenschaftsverlag\/deutschland-frankreich-russland-la-france-et-lallemagne-face-la-r\/9783486564198\" target=\"_blank\" rel=\"noopener\">publi\u00e9s<\/a><\/span><\/strong><a href=\"http:\/\/www.oldenbourg-verlag.de\/wissenschaftsverlag\/deutschland-frankreich-russland-la-france-et-lallemagne-face-la-r\/9783486564198\">.<\/a><\/p>\n<ul>\n<li><span style=\"color: #808080;\"><strong>Europ\u00e4ische Akademie Otzenhausen, 15. bis 18. September 1996: <\/strong><\/span><\/li>\n<\/ul>\n<p>Nachkriegsgesellschaften in Frankreich und Deutschland im 20. Jahrhundert \u2502 Soci\u00e9t\u00e9s d\u2019apr\u00e8s-guerre en Allemagne et en France au XX<sup>\u00e8me<\/sup> si\u00e8cle.<br \/>\n<strong><span style=\"color: #800000;\">Les actes de ce colloque sont <a href=\"http:\/\/www.oldenbourg-verlag.de\/wissenschaftsverlag\/nachkriegsgesellschaften-deutschland-und-frankreich-im-20-jahrhun\/9783486563146\" target=\"_blank\" rel=\"noopener\">publi\u00e9s<\/a><\/span><\/strong>.<\/p>\n<ul>\n<li><span style=\"color: #808080;\"><strong>Paray-le-Monial, 5 au 8 octobre 1994 <\/strong><\/span><\/li>\n<\/ul>\n<p>Les tiers dans les relations franco-allemandes \u2502 Die Rolle Dritter in den deutsch-franz\u00f6sischen Beziehungen.<br \/>\n<strong><span style=\"color: #800000;\">Les actes de ce colloque ont \u00e9t\u00e9 publi\u00e9s.<\/span><\/strong><\/p>\n<ul>\n<li><span style=\"color: #808080;\"><strong>Benediktiner-Abtei Mettlach, 5. bis 7. November 1992: <\/strong><\/span><\/li>\n<\/ul>\n<p>Eliten in Frankreich und Deutschland im 19.\u00a0\/\u00a020. Jahrhundert &#8211; Strukturen und Beziehungen II \u2502 Elites en Allemagne et en France aux XIX<sup>\u00e8me<\/sup> &#8211; XX<sup>\u00e8me<\/sup> si\u00e8cles &#8211; Structures et relations II.<br \/>\n<strong><span style=\"color: #800000;\">Les actes de ce colloque sont <a href=\"http:\/\/www.oldenbourg-verlag.de\/wissenschaftsverlag\/band-2\/9783486560947\" target=\"_blank\" rel=\"noopener\">publi\u00e9s<\/a><\/span><\/strong>.<\/p>\n<ul>\n<li><span style=\"color: #808080;\"><strong>La saline royale d<\/strong>&lsquo;<strong>Arc-et-Senans, 11 au 13 octobre 1990: <\/strong><\/span><\/li>\n<\/ul>\n<p>Elites en Allemagne et en France aux XIX<sup>\u00e8me<\/sup> \/ XX<sup>\u00e8me<\/sup> si\u00e8cles &#8211; Structures et relations I \u2502 Eliten in Frankreich und Deutschland im 19. \/ 20. Jahrhundert &#8211; Strukturen und Beziehungen I.<br \/>\n<strong><span style=\"color: #800000;\">Les actes de ce colloque sont <a href=\"http:\/\/www.oldenbourg-verlag.de\/wissenschaftsverlag\/band-1\/9783486560497\" target=\"_blank\" rel=\"noopener\">publi\u00e9s<\/a>.<\/span><\/strong><\/p>\n<ul>\n<li><strong>Kloster Banz, 10. bis 12. Oktober 1988 (colloque inaugural)<br \/>\n<\/strong><\/li>\n<\/ul>\n<p>Franz\u00f6sische Einfl\u00fcsse in Deutschland 1871-1939 \u2502 Les influences fran\u00e7aises en Allemagne entre 1871 et 1939.<br \/>\n<strong><span style=\"color: #800000;\">Les actes de ce colloque ont<\/span><\/strong> <span style=\"color: #800000;\"><strong>\u00e9t\u00e9 publi\u00e9s dans la <em>Revue d&rsquo;Allemagne<\/em> (avril-juin 1989)<\/strong><\/span><\/p>\n<div class=\"wp-socializer wpsr-share-icons\" data-lg-action=\"show\" data-sm-action=\"show\" data-sm-width=\"768\"><div class=\"wpsr-si-inner\"><div class=\"socializer sr-popup sr-32px sr-squircle sr-opacity sr-pad\"><span class=\"sr-facebook\"><a data-id=\"facebook\" style=\"color:#ffffff;\" rel=\"nofollow\" href=\"https:\/\/www.facebook.com\/share.php?u=\" target=\"_blank\" title=\"Share this on Facebook\"><i class=\"fab fa-facebook-f\"><\/i><\/a><\/span>\n<span class=\"sr-twitter\"><a data-id=\"twitter\" style=\"color:#ffffff;\" rel=\"nofollow\" href=\"https:\/\/twitter.com\/intent\/tweet?text=%20-%20%20\" target=\"_blank\" title=\"Tweet this !\"><i class=\"fab fa-twitter\"><\/i><\/a><\/span>\n<span class=\"sr-linkedin\"><a data-id=\"linkedin\" style=\"color:#ffffff;\" rel=\"nofollow\" href=\"https:\/\/www.linkedin.com\/sharing\/share-offsite\/?url=\" target=\"_blank\" title=\"Add this to LinkedIn\"><i class=\"fab fa-linkedin-in\"><\/i><\/a><\/span>\n<span class=\"sr-pdf\"><a data-id=\"pdf\" style=\"color:#ffffff;\" rel=\"nofollow\" href=\"https:\/\/www.printfriendly.com\/print?url=\" target=\"_blank\" title=\"Convert to PDF\"><i class=\"fa fa-file-pdf\"><\/i><\/a><\/span>\n<span class=\"sr-share-menu\"><a href=\"#\" target=\"_blank\" title=\"More share links\" style=\"color:#ffffff;\" data-metadata=\"{&quot;url&quot;:&quot;&quot;,&quot;title&quot;:&quot;&quot;,&quot;excerpt&quot;:&quot;&quot;,&quot;image&quot;:&quot;&quot;,&quot;short-url&quot;:&quot;&quot;,&quot;rss-url&quot;:&quot;http:\\\/\\\/www.historikerkomitee.de\\\/?feed=rss2&quot;,&quot;comments-section&quot;:&quot;comments&quot;,&quot;raw-url&quot;:null,&quot;twitter-username&quot;:&quot;&quot;,&quot;fb-app-id&quot;:&quot;&quot;,&quot;fb-app-secret&quot;:&quot;&quot;}\"><i class=\"fa fa-plus\"><\/i><\/a><\/span><\/div><\/div><\/div>","protected":false},"excerpt":{"rendered":"<p>Forschungskolloquien Das Komitee unterst\u00fctzt die Entwicklung und den Ausbau der deutsch-franz\u00f6sischen Kooperation in seinem geschichtswissenschaftlichen Arbeitsfeld vor allem durch gemeinsame Forschungskolloquien, zu denen alle Mitglieder des Komitees eingeladen werden. Diese Tagungen behandeln \u00fcbergreifende Themenstellungen zur Geschichte beider L\u00e4nder, an denen die Mitglieder besonderes Interesse \u00e4u\u00dfern. Die Forschungskolloquien sollen Gelegenheit zur Diskussion und zum pers\u00f6nlichen Kontakt &hellip; <a href=\"http:\/\/www.historikerkomitee.de\/?page_id=155\" class=\"more-link\">Continuer la lecture de <span class=\"screen-reader-text\">Kolloquien\/Colloques<\/span>  <span class=\"meta-nav\">&rarr;<\/span><\/a><\/p>\n","protected":false},"author":3,"featured_media":0,"parent":127,"menu_order":3,"comment_status":"closed","ping_status":"closed","template":"","meta":[],"acf":[],"_links":{"self":[{"href":"http:\/\/www.historikerkomitee.de\/index.php?rest_route=\/wp\/v2\/pages\/155"}],"collection":[{"href":"http:\/\/www.historikerkomitee.de\/index.php?rest_route=\/wp\/v2\/pages"}],"about":[{"href":"http:\/\/www.historikerkomitee.de\/index.php?rest_route=\/wp\/v2\/types\/page"}],"author":[{"embeddable":true,"href":"http:\/\/www.historikerkomitee.de\/index.php?rest_route=\/wp\/v2\/users\/3"}],"replies":[{"embeddable":true,"href":"http:\/\/www.historikerkomitee.de\/index.php?rest_route=%2Fwp%2Fv2%2Fcomments&post=155"}],"version-history":[{"count":24,"href":"http:\/\/www.historikerkomitee.de\/index.php?rest_route=\/wp\/v2\/pages\/155\/revisions"}],"predecessor-version":[{"id":4573,"href":"http:\/\/www.historikerkomitee.de\/index.php?rest_route=\/wp\/v2\/pages\/155\/revisions\/4573"}],"up":[{"embeddable":true,"href":"http:\/\/www.historikerkomitee.de\/index.php?rest_route=\/wp\/v2\/pages\/127"}],"wp:attachment":[{"href":"http:\/\/www.historikerkomitee.de\/index.php?rest_route=%2Fwp%2Fv2%2Fmedia&parent=155"}],"curies":[{"name":"wp","href":"https:\/\/api.w.org\/{rel}","templated":true}]}}