{"id":84,"date":"2012-10-20T18:22:45","date_gmt":"2012-10-20T16:22:45","guid":{"rendered":"http:\/\/127.0.0.1:8080\/wordpress\/index.php\/"},"modified":"2025-11-08T15:46:20","modified_gmt":"2025-11-08T13:46:20","slug":"vorstand-bureau","status":"publish","type":"page","link":"http:\/\/www.historikerkomitee.de\/?page_id=84","title":{"rendered":"Vorstand\/Bureau"},"content":{"rendered":"<h1><strong><span style=\"color: #888888;\">Vorstand | Membres du Bureau<\/span><\/strong><\/h1>\n<p>Deutsch-Franz\u00f6sisches Komitee f\u00fcr die Erforschung der deutschen und franz\u00f6sischen Geschichte des 19. und 20. Jahrhunderts e.V.<br \/>\nComit\u00e9 franco-allemand de recherches sur l\u2019histoire de la France et de l&rsquo;Allemagne aux XIX\u00e9me et XX\u00e9me si\u00e8cles<\/p>\n<p style=\"text-align: right;\"><em>Le nouveau bureau a \u00e9t\u00e9 \u00e9lu le 5 novembre 2025, pour deux ans.<\/em><\/p>\n<p><strong><span style=\"text-decoration: underline;\">Pr\u00e4sident |\u00a0Pr\u00e9sident<\/span><br \/>\n<\/strong><strong>Prof. Dr.\u00a0<a href=\"https:\/\/www.hist.uni-heidelberg.de\/de\/seminar-bibliothek\/struktur\/professuren\/zeitgeschichte\/prof-dr-silke-mende\">Silke Mende<\/a><\/strong><br \/>\nUniversit\u00e4t Heidelberg<br \/>\n<strong><br \/>\n<\/strong><strong>Generalsekret\u00e4rin | Secr\u00e9taire g\u00e9n\u00e9rale<\/strong><br \/>\n<strong>Prof. Dr. <\/strong><a href=\"https:\/\/til.ube.fr\/membres\/nathalie-le-bouedec\/\"><strong>Nathalie Le Bou\u00ebdec<\/strong><\/a><br \/>\nUniversit\u00e9 Bourgogne Europe<\/p>\n<p><strong>Schatzmeister (deutsche Kasse) | Tr\u00e9sorier<\/strong><br \/>\n<strong>Prof. Dr.\u00a0<a href=\"https:\/\/www.uni-kassel.de\/fb05\/fachgruppen-und-institute\/geschichte\/fachgebiete\/geschichte-westeuropas\/prof-dr-joerg-requate.html\">J\u00f6rg Requate<\/a><\/strong><br \/>\nUniversit\u00e4t Kassel<\/p>\n<p><strong>Schatzmeisterin | Tr\u00e9sori\u00e8re (Caisse fran\u00e7aise)<\/strong><br \/>\n<strong>Dr. <a href=\"https:\/\/perso.univ-rennes2.fr\/valerie.dubslaff\">Val\u00e9rie Dubslaff<\/a><br \/>\n<\/strong>Universit\u00e9 Rennes 2\/IUF<\/p>\n<p><strong>Mitglieder | Membres<\/strong><br \/>\n<strong>Prof. Dr. <a href=\"https:\/\/www.ngzg.geschichte.uni-muenchen.de\/personen\/ls_grossmann\/grossmann\/index.html\">Johannes Gro\u00dfmann<\/a><\/strong><br \/>\nLudwig-Maximilians-Universit\u00e4t M\u00fcnchen<\/p>\n<p><b>Prof. Dr. <a href=\"https:\/\/sirice.eu\/membre\/mathieu-dubois\">Mathieu Dubois<\/a><\/b><br \/>\nUniversit\u00e9 Sorbonne Nouvelle<\/p>\n<p>&nbsp;<\/p>\n<h2><img loading=\"lazy\" class=\"aligncenter wp-image-246 size-full\" title=\"BD21324_\" src=\"http:\/\/www.historikerkomitee.de\/wordpress\/wp-content\/uploads\/BD21324_.gif\" alt=\"\" width=\"623\" height=\"18\" srcset=\"http:\/\/www.historikerkomitee.de\/wordpress\/wp-content\/uploads\/BD21324_.gif 623w, http:\/\/www.historikerkomitee.de\/wordpress\/wp-content\/uploads\/BD21324_-300x8.gif 300w\" sizes=\"(max-width: 623px) 100vw, 623px\" \/><\/h2>\n<h2><strong><span style=\"color: #800000;\">Membres du bureau 1987-2023<br \/>\nVorstandsmitglieder 1987-2023<\/span><\/strong><\/h2>\n<p><em>Bureaux \u00e9lus depuis 1988 | Gew\u00e4hlte Vorst\u00e4nde seit 1988<\/em><\/p>\n<p><strong>Paris 2023<\/strong><\/p>\n<p>Emmanuel <strong>Droit<\/strong>\/Silke Mende<br \/>\nNathalie Le Bou\u00ebdec, Johannes Gro\u00dfmann, J\u00f6rg Requate, Val\u00e9rie Dubslaff<\/p>\n<p><strong>Berlin 2021<\/strong><\/p>\n<p>Anne <strong>Kwaschik<\/strong>\/Emmanuel Droit<br \/>\nCatherine Maurer, Silke Mende, J\u00f6rg Requate, Val\u00e9rie Dubslaff<\/p>\n<p><strong>Strasbourg 2018<\/strong><\/p>\n<p>Catherine <strong>Maurer<\/strong>\/Matthias Schulz<br \/>\nEmmanuel Droit, Anne Kwaschik, Silke Mende, Val\u00e9rie Dubslaff<\/p>\n<p><strong>D\u00fcsseldorf 2016<\/strong><\/p>\n<p>Guido <strong>Thiemeyer<\/strong>\/H\u00e9l\u00e8ne Miard-Delacroix<br \/>\nEmmanuel Droit, Anne Kwaschik, Matthias Schulz, Catherine Maurer<\/p>\n<p><strong>Grenoble 2014<\/strong><\/p>\n<p>H\u00e9l\u00e8ne <strong>Miard-Delacroix<\/strong>\/Guido Thiemeyer<br \/>\nFran\u00e7oise Berger, Anne Kwaschik, Wilfried Loth, J\u00e9r\u00f4me Vaillant<\/p>\n<p><strong>Berlin 2012<\/strong><\/p>\n<p>Wilfried <strong>Loth<\/strong>\/ Etienne Fran\u00e7ois<br \/>\nFran\u00e7oise Berger, Anne Kwaschik, Guido Thiemeyer, J\u00e9r\u00f4me Vaillant<em><br \/>\n<\/em><\/p>\n<p><strong>Lille 2010<\/strong><\/p>\n<p>Jean-Fran\u00e7ois <strong>Eck<\/strong>\/ Dietmar H\u00fcser<br \/>\nEtienne Fran\u00e7ois, Reiner Marcowitz, Guido Thiemeyer, J\u00e9r\u00f4me Vaillant<strong><em><br \/>\n<\/em><\/strong><\/p>\n<p><strong>Kassel 2008<\/strong><\/p>\n<p>Dietmar <strong>H\u00fcser<\/strong> \/ Jean-Fran\u00e7ois Eck<br \/>\nJean-Paul Cahn, Etienne Fran\u00e7ois, Reiner Marcowitz, Guido Thiemeyer<\/p>\n<p><strong>Nancy 2006<\/strong><\/p>\n<p>Jean-Paul <strong>Cahn<\/strong> \/ Hartmut Kaelble<br \/>\nCorine Defrance, Jean-Fran\u00e7ois Eck, Dietmar H\u00fcser, Guido Thiemeyer<\/p>\n<p><strong>Bonn 2004<\/strong><\/p>\n<p>Hartmut <strong>Kaelble<\/strong> \/ Jean-Paul Cahn<br \/>\nCorine Defrance, Armin Heinen, Dietmar H\u00fcser, Chantal Metzger<\/p>\n<p><strong>Pont-\u00e0-Mousson 2002<\/strong><\/p>\n<p>Chantal <strong>Metzger<\/strong> \/ Stefan Fisch<br \/>\nCorine Defrance, Michel Fabreguet, Armin Heinen, Hartmut Kaelble<\/p>\n<p><strong>Otzenhausen 2000<\/strong><\/p>\n<p>Stefan <strong>Fisch<\/strong> \/ Michel Fabreguet<br \/>\nArmin Heinen, Chantal Metzger, Ilja Mieck, Fran\u00e7ois Roth<\/p>\n<p><strong>Verdun 1998<\/strong><\/p>\n<p>Fran\u00e7ois <strong>Roth<\/strong> \/ Beatrix Bouvier<br \/>\nStefan Fisch, Pierre Guillen, Ilja Mieck, Nicole Pi\u00e9tri<\/p>\n<p><strong>Otzenhausen 1996<\/strong><\/p>\n<p>Beatrix <strong>Bouvier <\/strong>\/ Fran\u00e7ois Roth<br \/>\nStefan Fisch, Pierre Guillen, Ilja Mieck, Nicole Pi\u00e9tri<\/p>\n<p><strong>Paray-le-Monial 1994<\/strong><\/p>\n<p>Louis <strong>Dupeux<\/strong> \/ Rainer Hudemann<br \/>\nBeatrix Bouvier, Christian Baechler, Franz Knipping, Nicole Pi\u00e9tri<\/p>\n<p><strong>Mettlach 1992<\/strong><\/p>\n<p>Rainer <strong>Hudemann<\/strong> \/ Georges-Henri Soutou<br \/>\nChristian Baechler, Louis Dupeux, Franz Knipping, Klaus-J\u00fcrgen M\u00fcller<\/p>\n<p><strong>Arc-et-Senans 1990<\/strong><\/p>\n<p>Georges-Henri <strong>Soutou<\/strong> \/ Klaus-J\u00fcrgen M\u00fcller<br \/>\nChristian Baechler, Louis Dupeux, Rainer Hudemann, Franz Knipping<\/p>\n<p><strong>Kloster Banz 1988<\/strong><\/p>\n<p>Klaus-J\u00fcrgen <strong>M\u00fcller<\/strong> \/ Georges-Henri Soutou<br \/>\nJacques Bari\u00e9ty, Louis Dupeux, Rainer Hudemann, Franz Knipping<\/p>\n<p><strong>Bureau provisoire Strasbourg | Gr\u00fcndungsvorstand<\/strong> <strong>1987<\/strong><\/p>\n<p>Raymond <strong>Poidevin <\/strong>(Pr\u00e9s. | Vors.) \/ Josef Becker (Secr. g\u00e9n. | Stellv. Vors.)<br \/>\nJacques Bari\u00e9ty, Rainer Hudemann, Franz Knipping, Jean-Marie Valentin<\/p>\n<div class=\"wp-socializer wpsr-share-icons\" data-lg-action=\"show\" data-sm-action=\"show\" data-sm-width=\"768\"><div class=\"wpsr-si-inner\"><div class=\"socializer sr-popup sr-32px sr-squircle sr-opacity sr-pad\"><span class=\"sr-facebook\"><a data-id=\"facebook\" style=\"color:#ffffff;\" rel=\"nofollow\" href=\"https:\/\/www.facebook.com\/share.php?u=\" target=\"_blank\" title=\"Share this on Facebook\"><i class=\"fab fa-facebook-f\"><\/i><\/a><\/span>\n<span class=\"sr-twitter\"><a data-id=\"twitter\" style=\"color:#ffffff;\" rel=\"nofollow\" href=\"https:\/\/twitter.com\/intent\/tweet?text=%20-%20%20\" target=\"_blank\" title=\"Tweet this !\"><i class=\"fab fa-twitter\"><\/i><\/a><\/span>\n<span class=\"sr-linkedin\"><a data-id=\"linkedin\" style=\"color:#ffffff;\" rel=\"nofollow\" href=\"https:\/\/www.linkedin.com\/sharing\/share-offsite\/?url=\" target=\"_blank\" title=\"Add this to LinkedIn\"><i class=\"fab fa-linkedin-in\"><\/i><\/a><\/span>\n<span class=\"sr-pdf\"><a data-id=\"pdf\" style=\"color:#ffffff;\" rel=\"nofollow\" href=\"https:\/\/www.printfriendly.com\/print?url=\" target=\"_blank\" title=\"Convert to PDF\"><i class=\"fa fa-file-pdf\"><\/i><\/a><\/span>\n<span class=\"sr-share-menu\"><a href=\"#\" target=\"_blank\" title=\"More share links\" style=\"color:#ffffff;\" data-metadata=\"{&quot;url&quot;:&quot;&quot;,&quot;title&quot;:&quot;&quot;,&quot;excerpt&quot;:&quot;&quot;,&quot;image&quot;:&quot;&quot;,&quot;short-url&quot;:&quot;&quot;,&quot;rss-url&quot;:&quot;http:\\\/\\\/www.historikerkomitee.de\\\/?feed=rss2&quot;,&quot;comments-section&quot;:&quot;comments&quot;,&quot;raw-url&quot;:null,&quot;twitter-username&quot;:&quot;&quot;,&quot;fb-app-id&quot;:&quot;&quot;,&quot;fb-app-secret&quot;:&quot;&quot;}\"><i class=\"fa fa-plus\"><\/i><\/a><\/span><\/div><\/div><\/div>","protected":false},"excerpt":{"rendered":"<p>Vorstand | Membres du Bureau Deutsch-Franz\u00f6sisches Komitee f\u00fcr die Erforschung der deutschen und franz\u00f6sischen Geschichte des 19. und 20. Jahrhunderts e.V. Comit\u00e9 franco-allemand de recherches sur l\u2019histoire de la France et de l&rsquo;Allemagne aux XIX\u00e9me et XX\u00e9me si\u00e8cles Le nouveau bureau a \u00e9t\u00e9 \u00e9lu le 5 novembre 2025, pour deux ans. Pr\u00e4sident |\u00a0Pr\u00e9sident Prof. Dr.\u00a0Silke &hellip; <a href=\"http:\/\/www.historikerkomitee.de\/?page_id=84\" class=\"more-link\">Continuer la lecture de <span class=\"screen-reader-text\">Vorstand\/Bureau<\/span>  <span class=\"meta-nav\">&rarr;<\/span><\/a><\/p>\n","protected":false},"author":1,"featured_media":0,"parent":89,"menu_order":2,"comment_status":"closed","ping_status":"closed","template":"","meta":[],"acf":[],"_links":{"self":[{"href":"http:\/\/www.historikerkomitee.de\/index.php?rest_route=\/wp\/v2\/pages\/84"}],"collection":[{"href":"http:\/\/www.historikerkomitee.de\/index.php?rest_route=\/wp\/v2\/pages"}],"about":[{"href":"http:\/\/www.historikerkomitee.de\/index.php?rest_route=\/wp\/v2\/types\/page"}],"author":[{"embeddable":true,"href":"http:\/\/www.historikerkomitee.de\/index.php?rest_route=\/wp\/v2\/users\/1"}],"replies":[{"embeddable":true,"href":"http:\/\/www.historikerkomitee.de\/index.php?rest_route=%2Fwp%2Fv2%2Fcomments&post=84"}],"version-history":[{"count":38,"href":"http:\/\/www.historikerkomitee.de\/index.php?rest_route=\/wp\/v2\/pages\/84\/revisions"}],"predecessor-version":[{"id":4883,"href":"http:\/\/www.historikerkomitee.de\/index.php?rest_route=\/wp\/v2\/pages\/84\/revisions\/4883"}],"up":[{"embeddable":true,"href":"http:\/\/www.historikerkomitee.de\/index.php?rest_route=\/wp\/v2\/pages\/89"}],"wp:attachment":[{"href":"http:\/\/www.historikerkomitee.de\/index.php?rest_route=%2Fwp%2Fv2%2Fmedia&parent=84"}],"curies":[{"name":"wp","href":"https:\/\/api.w.org\/{rel}","templated":true}]}}